{"id":87,"date":"2024-09-13T11:53:38","date_gmt":"2024-09-13T09:53:38","guid":{"rendered":"https:\/\/procarline.de\/web\/"},"modified":"2024-11-25T16:36:28","modified_gmt":"2024-11-25T15:36:28","slug":"repairs-diagnosis","status":"publish","type":"page","link":"https:\/\/procarline.de\/en\/leistungen\/reparaturen-diagnose\/","title":{"rendered":"Repairs &amp; diagnostics"},"content":{"rendered":"<div data-elementor-type=\"wp-page\" data-elementor-id=\"87\" class=\"elementor elementor-87\" data-elementor-post-type=\"page\">\n\t\t\t\t\t\t<section class=\"elementor-section elementor-top-section elementor-element elementor-element-36bf6bbd elementor-section-boxed elementor-section-height-default elementor-section-height-default\" data-id=\"36bf6bbd\" data-element_type=\"section\" data-e-type=\"section\">\n\t\t\t\t\t\t<div class=\"elementor-container elementor-column-gap-default\">\n\t\t\t\t\t<div class=\"elementor-column elementor-col-50 elementor-top-column elementor-element elementor-element-5afe3bc8\" data-id=\"5afe3bc8\" data-element_type=\"column\" data-e-type=\"column\">\n\t\t\t<div class=\"elementor-widget-wrap elementor-element-populated\">\n\t\t\t\t\t\t<div class=\"elementor-element elementor-element-5653c959 elementor-widget elementor-widget-heading\" data-id=\"5653c959\" data-element_type=\"widget\" data-e-type=\"widget\" data-widget_type=\"heading.default\">\n\t\t\t\t<div class=\"elementor-widget-container\">\n\t\t\t\t\t<h2 class=\"elementor-heading-title elementor-size-default\">Professional repairs and precise diagnostics<\/h2>\t\t\t\t<\/div>\n\t\t\t\t<\/div>\n\t\t\t\t<div class=\"elementor-element elementor-element-5a63b8d7 elementor-widget elementor-widget-text-editor\" data-id=\"5a63b8d7\" data-element_type=\"widget\" data-e-type=\"widget\" data-widget_type=\"text-editor.default\">\n\t\t\t\t<div class=\"elementor-widget-container\">\n\t\t\t\t\t\t\t\t\t<p>At Pro Carline in Lawalde, we look after your vehicle as if it were our own.&nbsp;<span style=\"color: var( --e-global-color-text );\">Our workshop is equipped with the latest technology so that we can carry out repairs quickly and reliably.&nbsp;<\/span><\/p>\n<p><span style=\"color: var( --e-global-color-text );\">We offer these services for all vehicles, regardless of manufacturer and drive type (e.g. combustion engines, hybrid vehicles, electric cars).<\/span><\/p>\t\t\t\t\t\t\t\t<\/div>\n\t\t\t\t<\/div>\n\t\t\t\t\t<\/div>\n\t\t<\/div>\n\t\t\t\t<div class=\"elementor-column elementor-col-50 elementor-top-column elementor-element elementor-element-344451f\" data-id=\"344451f\" data-element_type=\"column\" data-e-type=\"column\">\n\t\t\t<div class=\"elementor-widget-wrap elementor-element-populated\">\n\t\t\t\t\t\t<div class=\"elementor-element elementor-element-8f3b169 elementor-widget elementor-widget-image\" data-id=\"8f3b169\" data-element_type=\"widget\" data-e-type=\"widget\" data-widget_type=\"image.default\">\n\t\t\t\t<div class=\"elementor-widget-container\">\n\t\t\t\t\t\t\t\t\t\t\t\t\t\t\t<img fetchpriority=\"high\" decoding=\"async\" width=\"768\" height=\"512\" src=\"https:\/\/procarline.de\/wp-content\/uploads\/procarline-leistungen-achsvermessung-1-768x512.jpg\" class=\"attachment-medium_large size-medium_large wp-image-1268\" alt=\"ProCarline - Repairs &amp; Diagnostics\" srcset=\"https:\/\/procarline.de\/wp-content\/uploads\/procarline-leistungen-achsvermessung-1-768x512.jpg 768w, https:\/\/procarline.de\/wp-content\/uploads\/procarline-leistungen-achsvermessung-1-300x200.jpg 300w, https:\/\/procarline.de\/wp-content\/uploads\/procarline-leistungen-achsvermessung-1-1024x683.jpg 1024w, https:\/\/procarline.de\/wp-content\/uploads\/procarline-leistungen-achsvermessung-1.jpg 1280w\" sizes=\"(max-width: 768px) 100vw, 768px\" \/>\t\t\t\t\t\t\t\t\t\t\t\t\t\t\t<\/div>\n\t\t\t\t<\/div>\n\t\t\t\t\t<\/div>\n\t\t<\/div>\n\t\t\t\t\t<\/div>\n\t\t<\/section>\n\t\t\t\t<section class=\"elementor-section elementor-top-section elementor-element elementor-element-72edc36 elementor-section-boxed elementor-section-height-default elementor-section-height-default\" data-id=\"72edc36\" data-element_type=\"section\" data-e-type=\"section\">\n\t\t\t\t\t\t<div class=\"elementor-container elementor-column-gap-default\">\n\t\t\t\t\t<div class=\"elementor-column elementor-col-100 elementor-top-column elementor-element elementor-element-52b767e7\" data-id=\"52b767e7\" data-element_type=\"column\" data-e-type=\"column\">\n\t\t\t<div class=\"elementor-widget-wrap elementor-element-populated\">\n\t\t\t\t\t\t<div class=\"elementor-element elementor-element-7e713f77 elementor-widget elementor-widget-heading\" data-id=\"7e713f77\" data-element_type=\"widget\" data-e-type=\"widget\" data-widget_type=\"heading.default\">\n\t\t\t\t<div class=\"elementor-widget-container\">\n\t\t\t\t\t<h3 class=\"elementor-heading-title elementor-size-default\">Car glass repair<\/h3>\t\t\t\t<\/div>\n\t\t\t\t<\/div>\n\t\t\t\t<div class=\"elementor-element elementor-element-729d76c6 elementor-widget__width-initial elementor-widget-mobile__width-inherit elementor-widget elementor-widget-text-editor\" data-id=\"729d76c6\" data-element_type=\"widget\" data-e-type=\"widget\" data-widget_type=\"text-editor.default\">\n\t\t\t\t<div class=\"elementor-widget-container\">\n\t\t\t\t\t\t\t\t\t<p><b>Rockfall<\/b>? Crack in the windshield? Then you've come to the right place. As a master vehicle workshop, we take care of the <b>Competent repair of your glass damage<\/b>. In concrete terms, this means: If possible, we repair the windshield, if necessary we replace it professionally.<\/p>\t\t\t\t\t\t\t\t<\/div>\n\t\t\t\t<\/div>\n\t\t\t\t<div class=\"elementor-element elementor-element-d50eac1 elementor-view-stacked elementor-shape-square elementor-position-inline-start elementor-tablet-position-inline-start elementor-widget__width-initial elementor-widget-mobile__width-inherit elementor-mobile-position-block-start elementor-widget elementor-widget-icon-box\" data-id=\"d50eac1\" data-element_type=\"widget\" data-e-type=\"widget\" data-widget_type=\"icon-box.default\">\n\t\t\t\t<div class=\"elementor-widget-container\">\n\t\t\t\t\t\t\t<div class=\"elementor-icon-box-wrapper\">\n\n\t\t\t\t\t\t<div class=\"elementor-icon-box-icon\">\n\t\t\t\t<span  class=\"elementor-icon elementor-animation-pulse\">\n\t\t\t\t<i aria-hidden=\"true\" class=\"fas fa-exclamation\"><\/i>\t\t\t\t<\/span>\n\t\t\t<\/div>\n\t\t\t\n\t\t\t\t\t\t<div class=\"elementor-icon-box-content\">\n\n\t\t\t\t\t\t\t\t\t<h3 class=\"elementor-icon-box-title\">\n\t\t\t\t\t\t<span  >\n\t\t\t\t\t\t\t By the way:\t\t\t\t\t\t<\/span>\n\t\t\t\t\t<\/h3>\n\t\t\t\t\n\t\t\t\t\t\t\t\t\t<p class=\"elementor-icon-box-description\">\n\t\t\t\t\t\t Glass damage repairs are generally free of charge for comprehensive insurance policyholders.\t\t\t\t\t<\/p>\n\t\t\t\t\n\t\t\t<\/div>\n\t\t\t\n\t\t<\/div>\n\t\t\t\t\t\t<\/div>\n\t\t\t\t<\/div>\n\t\t\t\t<div class=\"elementor-element elementor-element-43fe88e elementor-widget elementor-widget-heading\" data-id=\"43fe88e\" data-element_type=\"widget\" data-e-type=\"widget\" data-widget_type=\"heading.default\">\n\t\t\t\t<div class=\"elementor-widget-container\">\n\t\t\t\t\t<h3 class=\"elementor-heading-title elementor-size-default\">Accident repair<\/h3>\t\t\t\t<\/div>\n\t\t\t\t<\/div>\n\t\t\t\t<div class=\"elementor-element elementor-element-179ec58 elementor-widget__width-initial elementor-widget-mobile__width-inherit elementor-widget-tablet__width-inherit elementor-widget elementor-widget-image\" data-id=\"179ec58\" data-element_type=\"widget\" data-e-type=\"widget\" data-widget_type=\"image.default\">\n\t\t\t\t<div class=\"elementor-widget-container\">\n\t\t\t\t\t\t\t\t\t\t\t\t\t\t\t<img decoding=\"async\" width=\"768\" height=\"512\" src=\"https:\/\/procarline.de\/wp-content\/uploads\/procarline-leistungen-ersatzwagen-768x512.jpg\" class=\"attachment-medium_large size-medium_large wp-image-1336\" alt=\"\" srcset=\"https:\/\/procarline.de\/wp-content\/uploads\/procarline-leistungen-ersatzwagen-768x512.jpg 768w, https:\/\/procarline.de\/wp-content\/uploads\/procarline-leistungen-ersatzwagen-300x200.jpg 300w, https:\/\/procarline.de\/wp-content\/uploads\/procarline-leistungen-ersatzwagen-1024x683.jpg 1024w, https:\/\/procarline.de\/wp-content\/uploads\/procarline-leistungen-ersatzwagen.jpg 1280w\" sizes=\"(max-width: 768px) 100vw, 768px\" \/>\t\t\t\t\t\t\t\t\t\t\t\t\t\t\t<\/div>\n\t\t\t\t<\/div>\n\t\t\t\t<div class=\"elementor-element elementor-element-280c8fc9 elementor-widget__width-initial elementor-widget-mobile__width-inherit elementor-widget-tablet__width-inherit elementor-widget elementor-widget-text-editor\" data-id=\"280c8fc9\" data-element_type=\"widget\" data-e-type=\"widget\" data-widget_type=\"text-editor.default\">\n\t\t\t\t<div class=\"elementor-widget-container\">\n\t\t\t\t\t\t\t\t\t<p>Even after a <b>Accident <\/b>Pro Carline is at your side. From the <b>Damage assessment until complete repair<\/b> - We get your car back on the road quickly and support you throughout the entire process. This includes the preparation of a damage report, professional repairs and settlement with the insurance company. And to keep you mobile, we will of course provide you with a <b>Workshop replacement trolley<\/b>as long as your car is in good hands with us.<\/p>\t\t\t\t\t\t\t\t<\/div>\n\t\t\t\t<\/div>\n\t\t\t\t\t<\/div>\n\t\t<\/div>\n\t\t\t\t\t<\/div>\n\t\t<\/section>\n\t\t\t\t<section class=\"elementor-section elementor-top-section elementor-element elementor-element-28434f2 elementor-section-full_width elementor-section-height-default elementor-section-height-default\" data-id=\"28434f2\" data-element_type=\"section\" data-e-type=\"section\">\n\t\t\t\t\t\t<div class=\"elementor-container elementor-column-gap-default\">\n\t\t\t\t\t<div class=\"elementor-column elementor-col-100 elementor-top-column elementor-element elementor-element-d38b510\" data-id=\"d38b510\" data-element_type=\"column\" data-e-type=\"column\">\n\t\t\t<div class=\"elementor-widget-wrap elementor-element-populated\">\n\t\t\t\t\t\t<div class=\"elementor-element elementor-element-744e3bf elementor-widget elementor-widget-template\" data-id=\"744e3bf\" data-element_type=\"widget\" data-e-type=\"widget\" data-widget_type=\"template.default\">\n\t\t\t\t<div class=\"elementor-widget-container\">\n\t\t\t\t\t\t\t<div class=\"elementor-template\">\n\t\t\t\t\t<div data-elementor-type=\"section\" data-elementor-id=\"388\" class=\"elementor elementor-388\" data-elementor-post-type=\"elementor_library\">\n\t\t\t\t\t<section class=\"elementor-section elementor-top-section elementor-element elementor-element-28b9870f elementor-section-height-min-height elementor-section-full_width elementor-section-height-default elementor-section-items-middle\" data-id=\"28b9870f\" data-element_type=\"section\" data-e-type=\"section\" data-settings=\"{&quot;background_background&quot;:&quot;classic&quot;}\">\n\t\t\t\t\t\t\t<div class=\"elementor-background-overlay\"><\/div>\n\t\t\t\t\t\t\t<div class=\"elementor-container elementor-column-gap-default\">\n\t\t\t\t\t<div class=\"elementor-column elementor-col-100 elementor-top-column elementor-element elementor-element-7df0c63c\" data-id=\"7df0c63c\" data-element_type=\"column\" data-e-type=\"column\">\n\t\t\t<div class=\"elementor-widget-wrap elementor-element-populated\">\n\t\t\t\t\t\t<div class=\"elementor-element elementor-element-736d25a elementor-widget elementor-widget-heading\" data-id=\"736d25a\" data-element_type=\"widget\" data-e-type=\"widget\" data-widget_type=\"heading.default\">\n\t\t\t\t<div class=\"elementor-widget-container\">\n\t\t\t\t\t<h2 class=\"elementor-heading-title elementor-size-default\">Three good reasons for Pro Carline<\/h2>\t\t\t\t<\/div>\n\t\t\t\t<\/div>\n\t\t\t\t<section class=\"elementor-section elementor-inner-section elementor-element elementor-element-a7bf61c elementor-section-boxed elementor-section-height-default elementor-section-height-default\" data-id=\"a7bf61c\" data-element_type=\"section\" data-e-type=\"section\">\n\t\t\t\t\t\t<div class=\"elementor-container elementor-column-gap-default\">\n\t\t\t\t\t<div class=\"elementor-column elementor-col-33 elementor-inner-column elementor-element elementor-element-b4b0887\" data-id=\"b4b0887\" data-element_type=\"column\" data-e-type=\"column\">\n\t\t\t<div class=\"elementor-widget-wrap elementor-element-populated\">\n\t\t\t\t\t\t<div class=\"elementor-element elementor-element-0b58345 elementor-view-default elementor-position-block-start elementor-mobile-position-block-start elementor-widget elementor-widget-icon-box\" data-id=\"0b58345\" data-element_type=\"widget\" data-e-type=\"widget\" data-widget_type=\"icon-box.default\">\n\t\t\t\t<div class=\"elementor-widget-container\">\n\t\t\t\t\t\t\t<div class=\"elementor-icon-box-wrapper\">\n\n\t\t\t\t\t\t<div class=\"elementor-icon-box-icon\">\n\t\t\t\t<span  class=\"elementor-icon\">\n\t\t\t\t<i aria-hidden=\"true\" class=\"fas fa-star\"><\/i>\t\t\t\t<\/span>\n\t\t\t<\/div>\n\t\t\t\n\t\t\t\t\t\t<div class=\"elementor-icon-box-content\">\n\n\t\t\t\t\t\t\t\t\t<h3 class=\"elementor-icon-box-title\">\n\t\t\t\t\t\t<span  >\n\t\t\t\t\t\t\tMaster car workshop for all brands\t\t\t\t\t\t<\/span>\n\t\t\t\t\t<\/h3>\n\t\t\t\t\n\t\t\t\t\t\t\t\t\t<p class=\"elementor-icon-box-description\">\n\t\t\t\t\t\tWe take care of your vehicle reliably and professionally, regardless of make or model.\t\t\t\t\t<\/p>\n\t\t\t\t\n\t\t\t<\/div>\n\t\t\t\n\t\t<\/div>\n\t\t\t\t\t\t<\/div>\n\t\t\t\t<\/div>\n\t\t\t\t\t<\/div>\n\t\t<\/div>\n\t\t\t\t<div class=\"elementor-column elementor-col-33 elementor-inner-column elementor-element elementor-element-f9d8474\" data-id=\"f9d8474\" data-element_type=\"column\" data-e-type=\"column\">\n\t\t\t<div class=\"elementor-widget-wrap elementor-element-populated\">\n\t\t\t\t\t\t<div class=\"elementor-element elementor-element-e3fa3d5 elementor-view-default elementor-position-block-start elementor-mobile-position-block-start elementor-widget elementor-widget-icon-box\" data-id=\"e3fa3d5\" data-element_type=\"widget\" data-e-type=\"widget\" data-widget_type=\"icon-box.default\">\n\t\t\t\t<div class=\"elementor-widget-container\">\n\t\t\t\t\t\t\t<div class=\"elementor-icon-box-wrapper\">\n\n\t\t\t\t\t\t<div class=\"elementor-icon-box-icon\">\n\t\t\t\t<span  class=\"elementor-icon\">\n\t\t\t\t<i aria-hidden=\"true\" class=\"fas fa-star\"><\/i>\t\t\t\t<\/span>\n\t\t\t<\/div>\n\t\t\t\n\t\t\t\t\t\t<div class=\"elementor-icon-box-content\">\n\n\t\t\t\t\t\t\t\t\t<h3 class=\"elementor-icon-box-title\">\n\t\t\t\t\t\t<span  >\n\t\t\t\t\t\t\tWe are here for you!\t\t\t\t\t\t<\/span>\n\t\t\t\t\t<\/h3>\n\t\t\t\t\n\t\t\t\t\t\t\t\t\t<p class=\"elementor-icon-box-description\">\n\t\t\t\t\t\tOwner-managed workshop with a competent team, we offer you experienced and personal support and take care of your vehicle.\t\t\t\t\t<\/p>\n\t\t\t\t\n\t\t\t<\/div>\n\t\t\t\n\t\t<\/div>\n\t\t\t\t\t\t<\/div>\n\t\t\t\t<\/div>\n\t\t\t\t\t<\/div>\n\t\t<\/div>\n\t\t\t\t<div class=\"elementor-column elementor-col-33 elementor-inner-column elementor-element elementor-element-90eeb08\" data-id=\"90eeb08\" data-element_type=\"column\" data-e-type=\"column\">\n\t\t\t<div class=\"elementor-widget-wrap elementor-element-populated\">\n\t\t\t\t\t\t<div class=\"elementor-element elementor-element-87025a9 elementor-view-default elementor-position-block-start elementor-mobile-position-block-start elementor-widget elementor-widget-icon-box\" data-id=\"87025a9\" data-element_type=\"widget\" data-e-type=\"widget\" data-widget_type=\"icon-box.default\">\n\t\t\t\t<div class=\"elementor-widget-container\">\n\t\t\t\t\t\t\t<div class=\"elementor-icon-box-wrapper\">\n\n\t\t\t\t\t\t<div class=\"elementor-icon-box-icon\">\n\t\t\t\t<span  class=\"elementor-icon\">\n\t\t\t\t<i aria-hidden=\"true\" class=\"fas fa-star\"><\/i>\t\t\t\t<\/span>\n\t\t\t<\/div>\n\t\t\t\n\t\t\t\t\t\t<div class=\"elementor-icon-box-content\">\n\n\t\t\t\t\t\t\t\t\t<h3 class=\"elementor-icon-box-title\">\n\t\t\t\t\t\t<span  >\n\t\t\t\t\t\t\tFair in price\t\t\t\t\t\t<\/span>\n\t\t\t\t\t<\/h3>\n\t\t\t\t\n\t\t\t\t\t\t\t\t\t<p class=\"elementor-icon-box-description\">\n\t\t\t\t\t\tUncompromising on quality, fair on price: we only work with spare parts in original part quality and look for the most economical solution for you. \t\t\t\t\t<\/p>\n\t\t\t\t\n\t\t\t<\/div>\n\t\t\t\n\t\t<\/div>\n\t\t\t\t\t\t<\/div>\n\t\t\t\t<\/div>\n\t\t\t\t\t<\/div>\n\t\t<\/div>\n\t\t\t\t\t<\/div>\n\t\t<\/section>\n\t\t\t\t<div class=\"elementor-element elementor-element-61304cb9 elementor-align-center elementor-widget elementor-widget-button\" data-id=\"61304cb9\" data-element_type=\"widget\" data-e-type=\"widget\" data-widget_type=\"button.default\">\n\t\t\t\t<div class=\"elementor-widget-container\">\n\t\t\t\t\t\t\t\t\t<div class=\"elementor-button-wrapper\">\n\t\t\t\t\t<a class=\"elementor-button elementor-button-link elementor-size-lg elementor-animation-float\" href=\"https:\/\/procarline.de\/en\/contact\/\">\n\t\t\t\t\t\t<span class=\"elementor-button-content-wrapper\">\n\t\t\t\t\t\t<span class=\"elementor-button-icon\">\n\t\t\t\t<i aria-hidden=\"true\" class=\"fas fa-chevron-right\"><\/i>\t\t\t<\/span>\n\t\t\t\t\t\t\t\t\t<span class=\"elementor-button-text\">Get in touch now<\/span>\n\t\t\t\t\t<\/span>\n\t\t\t\t\t<\/a>\n\t\t\t\t<\/div>\n\t\t\t\t\t\t\t\t<\/div>\n\t\t\t\t<\/div>\n\t\t\t\t<div class=\"elementor-element elementor-element-588a6365 elementor-widget elementor-widget-text-editor\" data-id=\"588a6365\" data-element_type=\"widget\" data-e-type=\"widget\" data-widget_type=\"text-editor.default\">\n\t\t\t\t<div class=\"elementor-widget-container\">\n\t\t\t\t\t\t\t\t\t<p><a href=\"https:\/\/procarline.de\/en\/contact\/\" target=\"_blank\" rel=\"noopener\">Simply fill out the contact form on the next page and send it off. We will get back to you as soon as possible.<\/a><\/p>\t\t\t\t\t\t\t\t<\/div>\n\t\t\t\t<\/div>\n\t\t\t\t\t<\/div>\n\t\t<\/div>\n\t\t\t\t\t<\/div>\n\t\t<\/section>\n\t\t\t\t<\/div>\n\t\t\t\t<\/div>\n\t\t\t\t\t\t<\/div>\n\t\t\t\t<\/div>\n\t\t\t\t\t<\/div>\n\t\t<\/div>\n\t\t\t\t\t<\/div>\n\t\t<\/section>\n\t\t\t\t<section class=\"elementor-section elementor-top-section elementor-element elementor-element-6cd88498 elementor-section-boxed elementor-section-height-default elementor-section-height-default\" data-id=\"6cd88498\" data-element_type=\"section\" data-e-type=\"section\">\n\t\t\t\t\t\t<div class=\"elementor-container elementor-column-gap-default\">\n\t\t\t\t\t<div class=\"elementor-column elementor-col-100 elementor-top-column elementor-element elementor-element-62b352b6\" data-id=\"62b352b6\" data-element_type=\"column\" data-e-type=\"column\">\n\t\t\t<div class=\"elementor-widget-wrap elementor-element-populated\">\n\t\t\t\t\t\t<div class=\"elementor-element elementor-element-7f48e214 elementor-widget elementor-widget-heading\" data-id=\"7f48e214\" data-element_type=\"widget\" data-e-type=\"widget\" data-widget_type=\"heading.default\">\n\t\t\t\t<div class=\"elementor-widget-container\">\n\t\t\t\t\t<h3 class=\"elementor-heading-title elementor-size-default\">SmartRepair<\/h3>\t\t\t\t<\/div>\n\t\t\t\t<\/div>\n\t\t\t\t<div class=\"elementor-element elementor-element-26de21b6 elementor-widget__width-inherit elementor-widget elementor-widget-text-editor\" data-id=\"26de21b6\" data-element_type=\"widget\" data-e-type=\"widget\" data-widget_type=\"text-editor.default\">\n\t\t\t\t<div class=\"elementor-widget-container\">\n\t\t\t\t\t\t\t\t\t<p>Just have a small, unsightly scratch or dent? With the <b>SmartRepair method, we can provide uncomplicated and inexpensive<\/b> repair the small blemish on your car without replacing parts. If the damage is too great for this procedure, we will take care of replacing the parts.<\/p>\t\t\t\t\t\t\t\t<\/div>\n\t\t\t\t<\/div>\n\t\t\t\t<div class=\"elementor-element elementor-element-968b596 elementor-widget elementor-widget-heading\" data-id=\"968b596\" data-element_type=\"widget\" data-e-type=\"widget\" data-widget_type=\"heading.default\">\n\t\t\t\t<div class=\"elementor-widget-container\">\n\t\t\t\t\t<h3 class=\"elementor-heading-title elementor-size-default\">Repairs of all kinds<\/h3>\t\t\t\t<\/div>\n\t\t\t\t<\/div>\n\t\t\t\t<div class=\"elementor-element elementor-element-94eff89 elementor-widget__width-inherit elementor-widget elementor-widget-text-editor\" data-id=\"94eff89\" data-element_type=\"widget\" data-e-type=\"widget\" data-widget_type=\"text-editor.default\">\n\t\t\t\t<div class=\"elementor-widget-container\">\n\t\t\t\t\t\t\t\t\t<p>An indicator light is on, the car is making strange noises or the air conditioning no longer works? Welcome to our service center! <b>We take care of your concerns, no matter what problem you have with your car.<\/b><\/p>\t\t\t\t\t\t\t\t<\/div>\n\t\t\t\t<\/div>\n\t\t\t\t\t<\/div>\n\t\t<\/div>\n\t\t\t\t\t<\/div>\n\t\t<\/section>\n\t\t\t\t<section class=\"elementor-section elementor-top-section elementor-element elementor-element-00e8942 elementor-section-boxed elementor-section-height-default elementor-section-height-default\" data-id=\"00e8942\" data-element_type=\"section\" data-e-type=\"section\">\n\t\t\t\t\t\t<div class=\"elementor-container elementor-column-gap-default\">\n\t\t\t\t\t<div class=\"elementor-column elementor-col-100 elementor-top-column elementor-element elementor-element-a778fd6\" data-id=\"a778fd6\" data-element_type=\"column\" data-e-type=\"column\">\n\t\t\t<div class=\"elementor-widget-wrap elementor-element-populated\">\n\t\t\t\t\t\t<div class=\"elementor-element elementor-element-fec9072 elementor-widget elementor-widget-template\" data-id=\"fec9072\" data-element_type=\"widget\" data-e-type=\"widget\" data-widget_type=\"template.default\">\n\t\t\t\t<div class=\"elementor-widget-container\">\n\t\t\t\t\t\t\t<div class=\"elementor-template\">\n\t\t\t\t\t<div data-elementor-type=\"section\" data-elementor-id=\"432\" class=\"elementor elementor-432\" data-elementor-post-type=\"elementor_library\">\n\t\t\t\t\t<section class=\"elementor-section elementor-top-section elementor-element elementor-element-22f2a8b1 elementor-section-boxed elementor-section-height-default elementor-section-height-default\" data-id=\"22f2a8b1\" data-element_type=\"section\" data-e-type=\"section\">\n\t\t\t\t\t\t<div class=\"elementor-container elementor-column-gap-default\">\n\t\t\t\t\t<div class=\"elementor-column elementor-col-100 elementor-top-column elementor-element elementor-element-298649a8\" data-id=\"298649a8\" data-element_type=\"column\" data-e-type=\"column\">\n\t\t\t<div class=\"elementor-widget-wrap elementor-element-populated\">\n\t\t\t\t\t\t<div class=\"elementor-element elementor-element-5795aae elementor-cta--layout-image-right elementor-cta--mobile-layout-image-above elementor-cta--skin-classic elementor-animated-content elementor-bg-transform elementor-bg-transform-zoom-in elementor-invisible elementor-widget elementor-widget-call-to-action\" data-id=\"5795aae\" data-element_type=\"widget\" data-e-type=\"widget\" data-settings=\"{&quot;_animation&quot;:&quot;fadeIn&quot;}\" data-widget_type=\"call-to-action.default\">\n\t\t\t\t<div class=\"elementor-widget-container\">\n\t\t\t\t\t\t\t<div class=\"elementor-cta\">\n\t\t\t\t\t<div class=\"elementor-cta__bg-wrapper\">\n\t\t\t\t<div class=\"elementor-cta__bg elementor-bg\" style=\"background-image: url(https:\/\/procarline.de\/wp-content\/uploads\/procarline-ueber-uns-flotte-1024x683.jpg);\" role=\"img\" aria-label=\"procarline-about-us-fleet\"><\/div>\n\t\t\t\t<div class=\"elementor-cta__bg-overlay\"><\/div>\n\t\t\t<\/div>\n\t\t\t\t\t\t\t<div class=\"elementor-cta__content\">\n\t\t\t\t\n\t\t\t\t\t\t\t\t\t<h3 class=\"elementor-cta__title elementor-cta__content-item elementor-content-item\">\n\t\t\t\t\t\tfleet of vehicles? Then you've come to the right place!\t\t\t\t\t<\/h3>\n\t\t\t\t\n\t\t\t\t\t\t\t\t\t<div class=\"elementor-cta__description elementor-cta__content-item elementor-content-item\">\n\t\t\t\t\t\tWe offer this service not only to private customers, but also to corporate customers. Do you have a craft business or another small fleet of vehicles? We know what is important to you and have the right solution for you!\t\t\t\t\t<\/div>\n\t\t\t\t\n\t\t\t\t\t\t\t\t\t<div class=\"elementor-cta__button-wrapper elementor-cta__content-item elementor-content-item\">\n\t\t\t\t\t<a class=\"elementor-cta__button elementor-button elementor-size-md\" href=\"https:\/\/procarline.de\/en\/contact\/\" target=\"_blank\">\n\t\t\t\t\t\tContact us now\t\t\t\t\t<\/a>\n\t\t\t\t\t<\/div>\n\t\t\t\t\t\t\t<\/div>\n\t\t\t\t\t\t<\/div>\n\t\t\t\t\t\t<\/div>\n\t\t\t\t<\/div>\n\t\t\t\t\t<\/div>\n\t\t<\/div>\n\t\t\t\t\t<\/div>\n\t\t<\/section>\n\t\t\t\t<\/div>\n\t\t\t\t<\/div>\n\t\t\t\t\t\t<\/div>\n\t\t\t\t<\/div>\n\t\t\t\t\t<\/div>\n\t\t<\/div>\n\t\t\t\t\t<\/div>\n\t\t<\/section>\n\t\t\t\t<\/div>","protected":false},"excerpt":{"rendered":"<p>Professionelle Reparaturen und pr\u00e4zise Diagnose Bei Pro Carline in Lawalde k\u00fcmmern wir uns um Ihr Fahrzeug, als w\u00e4re es unser eigenes.&nbsp;Unsere Werkstatt ist mit modernster Technik ausgestattet, sodass wir Reparaturen schnell und zuverl\u00e4ssig durchf\u00fchren k\u00f6nnen.&nbsp; Diese Dienstleistungen bieten wir f\u00fcr alle Fahrzeuge an, unabh\u00e4ngig vom Hersteller und der Antriebsart (z.B. Verbrenner-Motoren, Hybrid-Fahrzeuge, Elektroautos). Autoglas-Reparatur Steinschlag? [&hellip;]<\/p>\n","protected":false},"author":1,"featured_media":1267,"parent":102,"menu_order":0,"comment_status":"closed","ping_status":"closed","template":"","meta":{"footnotes":""},"class_list":["post-87","page","type-page","status-publish","has-post-thumbnail","hentry"],"yoast_head":"<!-- This site is optimized with the Yoast SEO plugin v27.4 - https:\/\/yoast.com\/product\/yoast-seo-wordpress\/ -->\n<title>Reparaturen &amp; Diagnose - PRO CARLINE<\/title>\n<meta name=\"robots\" content=\"index, follow, max-snippet:-1, max-image-preview:large, max-video-preview:-1\" \/>\n<link rel=\"canonical\" href=\"https:\/\/procarline.de\/en\/services\/repairs-diagnosis\/\" \/>\n<meta property=\"og:locale\" content=\"en_US\" \/>\n<meta property=\"og:type\" content=\"article\" \/>\n<meta property=\"og:title\" content=\"Reparaturen &amp; Diagnose - PRO CARLINE\" \/>\n<meta property=\"og:description\" content=\"Professionelle Reparaturen und pr\u00e4zise Diagnose Bei Pro Carline in Lawalde k\u00fcmmern wir uns um Ihr Fahrzeug, als w\u00e4re es unser eigenes.&nbsp;Unsere Werkstatt ist mit modernster Technik ausgestattet, sodass wir Reparaturen schnell und zuverl\u00e4ssig durchf\u00fchren k\u00f6nnen.&nbsp; Diese Dienstleistungen bieten wir f\u00fcr alle Fahrzeuge an, unabh\u00e4ngig vom Hersteller und der Antriebsart (z.B. Verbrenner-Motoren, Hybrid-Fahrzeuge, Elektroautos). Autoglas-Reparatur Steinschlag? [&hellip;]\" \/>\n<meta property=\"og:url\" content=\"https:\/\/procarline.de\/en\/services\/repairs-diagnosis\/\" \/>\n<meta property=\"og:site_name\" content=\"PRO CARLINE\" \/>\n<meta property=\"article:publisher\" content=\"https:\/\/www.facebook.com\/procarline.de\" \/>\n<meta property=\"article:modified_time\" content=\"2024-11-25T15:36:28+00:00\" \/>\n<meta property=\"og:image\" content=\"https:\/\/procarline.de\/wp-content\/uploads\/procarline-leistungen-achsvermessung-header.jpg\" \/>\n\t<meta property=\"og:image:width\" content=\"1920\" \/>\n\t<meta property=\"og:image:height\" content=\"250\" \/>\n\t<meta property=\"og:image:type\" content=\"image\/jpeg\" \/>\n<meta name=\"twitter:card\" content=\"summary_large_image\" \/>\n<meta name=\"twitter:label1\" content=\"Est. reading time\" \/>\n\t<meta name=\"twitter:data1\" content=\"3 minutes\" \/>\n<script type=\"application\/ld+json\" class=\"yoast-schema-graph\">{\"@context\":\"https:\\\/\\\/schema.org\",\"@graph\":[{\"@type\":\"WebPage\",\"@id\":\"https:\\\/\\\/procarline.de\\\/leistungen\\\/reparaturen-diagnose\\\/\",\"url\":\"https:\\\/\\\/procarline.de\\\/leistungen\\\/reparaturen-diagnose\\\/\",\"name\":\"Reparaturen & Diagnose - PRO CARLINE\",\"isPartOf\":{\"@id\":\"https:\\\/\\\/procarline.de\\\/#website\"},\"primaryImageOfPage\":{\"@id\":\"https:\\\/\\\/procarline.de\\\/leistungen\\\/reparaturen-diagnose\\\/#primaryimage\"},\"image\":{\"@id\":\"https:\\\/\\\/procarline.de\\\/leistungen\\\/reparaturen-diagnose\\\/#primaryimage\"},\"thumbnailUrl\":\"https:\\\/\\\/procarline.de\\\/wp-content\\\/uploads\\\/procarline-leistungen-achsvermessung-header.jpg\",\"datePublished\":\"2024-09-13T09:53:38+00:00\",\"dateModified\":\"2024-11-25T15:36:28+00:00\",\"breadcrumb\":{\"@id\":\"https:\\\/\\\/procarline.de\\\/leistungen\\\/reparaturen-diagnose\\\/#breadcrumb\"},\"inLanguage\":\"en-US\",\"potentialAction\":[{\"@type\":\"ReadAction\",\"target\":[\"https:\\\/\\\/procarline.de\\\/leistungen\\\/reparaturen-diagnose\\\/\"]}]},{\"@type\":\"ImageObject\",\"inLanguage\":\"en-US\",\"@id\":\"https:\\\/\\\/procarline.de\\\/leistungen\\\/reparaturen-diagnose\\\/#primaryimage\",\"url\":\"https:\\\/\\\/procarline.de\\\/wp-content\\\/uploads\\\/procarline-leistungen-achsvermessung-header.jpg\",\"contentUrl\":\"https:\\\/\\\/procarline.de\\\/wp-content\\\/uploads\\\/procarline-leistungen-achsvermessung-header.jpg\",\"width\":1920,\"height\":250},{\"@type\":\"BreadcrumbList\",\"@id\":\"https:\\\/\\\/procarline.de\\\/leistungen\\\/reparaturen-diagnose\\\/#breadcrumb\",\"itemListElement\":[{\"@type\":\"ListItem\",\"position\":1,\"name\":\"Startseite\",\"item\":\"https:\\\/\\\/procarline.de\\\/\"},{\"@type\":\"ListItem\",\"position\":2,\"name\":\"Leistungen\",\"item\":\"https:\\\/\\\/procarline.de\\\/leistungen\\\/\"},{\"@type\":\"ListItem\",\"position\":3,\"name\":\"Reparaturen &#038; Diagnose\"}]},{\"@type\":\"WebSite\",\"@id\":\"https:\\\/\\\/procarline.de\\\/#website\",\"url\":\"https:\\\/\\\/procarline.de\\\/\",\"name\":\"PRO CARLINE\",\"description\":\"Die Autowerkstatt f\u00fcrs Besondere\",\"publisher\":{\"@id\":\"https:\\\/\\\/procarline.de\\\/#organization\"},\"alternateName\":\"PROCARLINE\",\"potentialAction\":[{\"@type\":\"SearchAction\",\"target\":{\"@type\":\"EntryPoint\",\"urlTemplate\":\"https:\\\/\\\/procarline.de\\\/?s={search_term_string}\"},\"query-input\":{\"@type\":\"PropertyValueSpecification\",\"valueRequired\":true,\"valueName\":\"search_term_string\"}}],\"inLanguage\":\"en-US\"},{\"@type\":\"Organization\",\"@id\":\"https:\\\/\\\/procarline.de\\\/#organization\",\"name\":\"PRO CARLINE\",\"alternateName\":\"PROCARLINE\",\"url\":\"https:\\\/\\\/procarline.de\\\/\",\"logo\":{\"@type\":\"ImageObject\",\"inLanguage\":\"en-US\",\"@id\":\"https:\\\/\\\/procarline.de\\\/#\\\/schema\\\/logo\\\/image\\\/\",\"url\":\"https:\\\/\\\/procarline.de\\\/wp-content\\\/uploads\\\/procarline-logo-blau-gelb.png\",\"contentUrl\":\"https:\\\/\\\/procarline.de\\\/wp-content\\\/uploads\\\/procarline-logo-blau-gelb.png\",\"width\":480,\"height\":260,\"caption\":\"PRO CARLINE\"},\"image\":{\"@id\":\"https:\\\/\\\/procarline.de\\\/#\\\/schema\\\/logo\\\/image\\\/\"},\"sameAs\":[\"https:\\\/\\\/www.facebook.com\\\/procarline.de\",\"https:\\\/\\\/www.instagram.com\\\/procarline\\\/\"]}]}<\/script>\n<!-- \/ Yoast SEO plugin. -->","yoast_head_json":{"title":"Repairs &amp; diagnostics - PRO CARLINE","robots":{"index":"index","follow":"follow","max-snippet":"max-snippet:-1","max-image-preview":"max-image-preview:large","max-video-preview":"max-video-preview:-1"},"canonical":"https:\/\/procarline.de\/en\/services\/repairs-diagnosis\/","og_locale":"en_US","og_type":"article","og_title":"Reparaturen & Diagnose - PRO CARLINE","og_description":"Professionelle Reparaturen und pr\u00e4zise Diagnose Bei Pro Carline in Lawalde k\u00fcmmern wir uns um Ihr Fahrzeug, als w\u00e4re es unser eigenes.&nbsp;Unsere Werkstatt ist mit modernster Technik ausgestattet, sodass wir Reparaturen schnell und zuverl\u00e4ssig durchf\u00fchren k\u00f6nnen.&nbsp; Diese Dienstleistungen bieten wir f\u00fcr alle Fahrzeuge an, unabh\u00e4ngig vom Hersteller und der Antriebsart (z.B. Verbrenner-Motoren, Hybrid-Fahrzeuge, Elektroautos). Autoglas-Reparatur Steinschlag? [&hellip;]","og_url":"https:\/\/procarline.de\/en\/services\/repairs-diagnosis\/","og_site_name":"PRO CARLINE","article_publisher":"https:\/\/www.facebook.com\/procarline.de","article_modified_time":"2024-11-25T15:36:28+00:00","og_image":[{"width":1920,"height":250,"url":"https:\/\/procarline.de\/wp-content\/uploads\/procarline-leistungen-achsvermessung-header.jpg","type":"image\/jpeg"}],"twitter_card":"summary_large_image","twitter_misc":{"Est. reading time":"3 minutes"},"schema":{"@context":"https:\/\/schema.org","@graph":[{"@type":"WebPage","@id":"https:\/\/procarline.de\/leistungen\/reparaturen-diagnose\/","url":"https:\/\/procarline.de\/leistungen\/reparaturen-diagnose\/","name":"Repairs &amp; diagnostics - PRO CARLINE","isPartOf":{"@id":"https:\/\/procarline.de\/#website"},"primaryImageOfPage":{"@id":"https:\/\/procarline.de\/leistungen\/reparaturen-diagnose\/#primaryimage"},"image":{"@id":"https:\/\/procarline.de\/leistungen\/reparaturen-diagnose\/#primaryimage"},"thumbnailUrl":"https:\/\/procarline.de\/wp-content\/uploads\/procarline-leistungen-achsvermessung-header.jpg","datePublished":"2024-09-13T09:53:38+00:00","dateModified":"2024-11-25T15:36:28+00:00","breadcrumb":{"@id":"https:\/\/procarline.de\/leistungen\/reparaturen-diagnose\/#breadcrumb"},"inLanguage":"en-US","potentialAction":[{"@type":"ReadAction","target":["https:\/\/procarline.de\/leistungen\/reparaturen-diagnose\/"]}]},{"@type":"ImageObject","inLanguage":"en-US","@id":"https:\/\/procarline.de\/leistungen\/reparaturen-diagnose\/#primaryimage","url":"https:\/\/procarline.de\/wp-content\/uploads\/procarline-leistungen-achsvermessung-header.jpg","contentUrl":"https:\/\/procarline.de\/wp-content\/uploads\/procarline-leistungen-achsvermessung-header.jpg","width":1920,"height":250},{"@type":"BreadcrumbList","@id":"https:\/\/procarline.de\/leistungen\/reparaturen-diagnose\/#breadcrumb","itemListElement":[{"@type":"ListItem","position":1,"name":"Startseite","item":"https:\/\/procarline.de\/"},{"@type":"ListItem","position":2,"name":"Leistungen","item":"https:\/\/procarline.de\/leistungen\/"},{"@type":"ListItem","position":3,"name":"Reparaturen &#038; Diagnose"}]},{"@type":"WebSite","@id":"https:\/\/procarline.de\/#website","url":"https:\/\/procarline.de\/","name":"PRO CARLINE","description":"The garage for something special","publisher":{"@id":"https:\/\/procarline.de\/#organization"},"alternateName":"PROCARLINE","potentialAction":[{"@type":"SearchAction","target":{"@type":"EntryPoint","urlTemplate":"https:\/\/procarline.de\/?s={search_term_string}"},"query-input":{"@type":"PropertyValueSpecification","valueRequired":true,"valueName":"search_term_string"}}],"inLanguage":"en-US"},{"@type":"Organization","@id":"https:\/\/procarline.de\/#organization","name":"PRO CARLINE","alternateName":"PROCARLINE","url":"https:\/\/procarline.de\/","logo":{"@type":"ImageObject","inLanguage":"en-US","@id":"https:\/\/procarline.de\/#\/schema\/logo\/image\/","url":"https:\/\/procarline.de\/wp-content\/uploads\/procarline-logo-blau-gelb.png","contentUrl":"https:\/\/procarline.de\/wp-content\/uploads\/procarline-logo-blau-gelb.png","width":480,"height":260,"caption":"PRO CARLINE"},"image":{"@id":"https:\/\/procarline.de\/#\/schema\/logo\/image\/"},"sameAs":["https:\/\/www.facebook.com\/procarline.de","https:\/\/www.instagram.com\/procarline\/"]}]}},"_links":{"self":[{"href":"https:\/\/procarline.de\/en\/wp-json\/wp\/v2\/pages\/87","targetHints":{"allow":["GET"]}}],"collection":[{"href":"https:\/\/procarline.de\/en\/wp-json\/wp\/v2\/pages"}],"about":[{"href":"https:\/\/procarline.de\/en\/wp-json\/wp\/v2\/types\/page"}],"author":[{"embeddable":true,"href":"https:\/\/procarline.de\/en\/wp-json\/wp\/v2\/users\/1"}],"replies":[{"embeddable":true,"href":"https:\/\/procarline.de\/en\/wp-json\/wp\/v2\/comments?post=87"}],"version-history":[{"count":69,"href":"https:\/\/procarline.de\/en\/wp-json\/wp\/v2\/pages\/87\/revisions"}],"predecessor-version":[{"id":1462,"href":"https:\/\/procarline.de\/en\/wp-json\/wp\/v2\/pages\/87\/revisions\/1462"}],"up":[{"embeddable":true,"href":"https:\/\/procarline.de\/en\/wp-json\/wp\/v2\/pages\/102"}],"wp:featuredmedia":[{"embeddable":true,"href":"https:\/\/procarline.de\/en\/wp-json\/wp\/v2\/media\/1267"}],"wp:attachment":[{"href":"https:\/\/procarline.de\/en\/wp-json\/wp\/v2\/media?parent=87"}],"curies":[{"name":"wp","href":"https:\/\/api.w.org\/{rel}","templated":true}]}}