{"id":971,"date":"2024-10-22T11:40:51","date_gmt":"2024-10-22T09:40:51","guid":{"rendered":"https:\/\/procarline.de\/?page_id=971"},"modified":"2024-11-22T07:04:55","modified_gmt":"2024-11-22T06:04:55","slug":"german-workshop-award","status":"publish","type":"page","link":"https:\/\/procarline.de\/en\/ueber-uns\/deutscher-werkstattpreis\/","title":{"rendered":"German Workshop Award"},"content":{"rendered":"<div data-elementor-type=\"wp-page\" data-elementor-id=\"971\" class=\"elementor elementor-971\" data-elementor-post-type=\"page\">\n\t\t\t\t\t\t<section class=\"elementor-section elementor-top-section elementor-element elementor-element-7dca901 elementor-section-boxed elementor-section-height-default elementor-section-height-default\" data-id=\"7dca901\" data-element_type=\"section\" data-e-type=\"section\">\n\t\t\t\t\t\t<div class=\"elementor-container elementor-column-gap-default\">\n\t\t\t\t\t<div class=\"elementor-column elementor-col-50 elementor-top-column elementor-element elementor-element-cfa6ff7\" data-id=\"cfa6ff7\" data-element_type=\"column\" data-e-type=\"column\">\n\t\t\t<div class=\"elementor-widget-wrap elementor-element-populated\">\n\t\t\t\t\t\t<div class=\"elementor-element elementor-element-f7b1556 elementor-widget elementor-widget-heading\" data-id=\"f7b1556\" data-element_type=\"widget\" data-e-type=\"widget\" data-widget_type=\"heading.default\">\n\t\t\t\t<div class=\"elementor-widget-container\">\n\t\t\t\t\t<h2 class=\"elementor-heading-title elementor-size-default\">German Workshop Award 2021<\/h2>\t\t\t\t<\/div>\n\t\t\t\t<\/div>\n\t\t\t\t<div class=\"elementor-element elementor-element-d4c55b2 elementor-widget elementor-widget-text-editor\" data-id=\"d4c55b2\" data-element_type=\"widget\" data-e-type=\"widget\" data-widget_type=\"text-editor.default\">\n\t\t\t\t<div class=\"elementor-widget-container\">\n\t\t\t\t\t\t\t\t\t<p><strong>Pro Carline among the ten best independent garages<\/strong><br \/>The company near G\u00f6rlitz shows that digitalization is not a question of size. And that even a company with just four employees can be a full-service provider when it comes to mobility. This also convinced the jury of the German Workshop Award and secured the independent workshop a place in the Top Ton. \"kfz-betrieb\" awarded the prize together with Automechanika Frankfurt, Continental and the expert organization GT\u00dc for the eleventh time.<\/p>\t\t\t\t\t\t\t\t<\/div>\n\t\t\t\t<\/div>\n\t\t\t\t\t<\/div>\n\t\t<\/div>\n\t\t\t\t<div class=\"elementor-column elementor-col-50 elementor-top-column elementor-element elementor-element-e3afc62\" data-id=\"e3afc62\" data-element_type=\"column\" data-e-type=\"column\">\n\t\t\t<div class=\"elementor-widget-wrap elementor-element-populated\">\n\t\t\t\t\t\t<div class=\"elementor-element elementor-element-f353df9 elementor-widget elementor-widget-image\" data-id=\"f353df9\" data-element_type=\"widget\" data-e-type=\"widget\" data-widget_type=\"image.default\">\n\t\t\t\t<div class=\"elementor-widget-container\">\n\t\t\t\t\t\t\t\t\t\t\t\t\t\t\t<img fetchpriority=\"high\" decoding=\"async\" width=\"800\" height=\"534\" src=\"https:\/\/procarline.de\/wp-content\/uploads\/procarline-deutscher-werkstattpreis-05.jpg\" class=\"attachment-large size-large wp-image-1002\" alt=\"\" srcset=\"https:\/\/procarline.de\/wp-content\/uploads\/procarline-deutscher-werkstattpreis-05.jpg 1000w, https:\/\/procarline.de\/wp-content\/uploads\/procarline-deutscher-werkstattpreis-05-300x200.jpg 300w, https:\/\/procarline.de\/wp-content\/uploads\/procarline-deutscher-werkstattpreis-05-768x512.jpg 768w\" sizes=\"(max-width: 800px) 100vw, 800px\" \/>\t\t\t\t\t\t\t\t\t\t\t\t\t\t\t<\/div>\n\t\t\t\t<\/div>\n\t\t\t\t\t<\/div>\n\t\t<\/div>\n\t\t\t\t\t<\/div>\n\t\t<\/section>\n\t\t\t\t<section class=\"elementor-section elementor-top-section elementor-element elementor-element-f5403ff elementor-section-boxed elementor-section-height-default elementor-section-height-default\" data-id=\"f5403ff\" data-element_type=\"section\" data-e-type=\"section\">\n\t\t\t\t\t\t<div class=\"elementor-container elementor-column-gap-default\">\n\t\t\t\t\t<div class=\"elementor-column elementor-col-100 elementor-top-column elementor-element elementor-element-c3fa5fa\" data-id=\"c3fa5fa\" data-element_type=\"column\" data-e-type=\"column\">\n\t\t\t<div class=\"elementor-widget-wrap elementor-element-populated\">\n\t\t\t\t\t\t<div class=\"elementor-element elementor-element-8cf3d4d elementor-widget elementor-widget-text-editor\" data-id=\"8cf3d4d\" data-element_type=\"widget\" data-e-type=\"widget\" data-widget_type=\"text-editor.default\">\n\t\t\t\t<div class=\"elementor-widget-container\">\n\t\t\t\t\t\t\t\t\t<p>At first glance, master car mechanic Andre J\u00e4hne's independent workshop Pro Carline in Lawalde (Saxony) is a business like many others. But if you look behind the scenes, you quickly realize that the owner has done a lot of things right in the 20 years since the company was founded. Take digitalization, for example: right from the start, he has used the Werbas workshop software to organize operations. All suitable workshop equipment is networked via Asanetwork. Workshop orders are processed digitally and stored in the electronic customer file.<\/p><p>Many brand-name car dealerships are not that well positioned - but Andre J\u00e4hne shows that it doesn't take a large company to be able to help customers as a regional mobility service provider in all service segments. In addition to the usual maintenance and repair work, Pro Carline also carries out bodywork repairs, smart repairs and windshield replacements, works on electric cars and does not shy away from motorcycles. Last but not least, the company is a tuning specialist and also carries out major conversions, such as complete chassis optimizations.<\/p><p>The latest development: Andre J\u00e4hne has taken over a well-established specialist tire business in the same town, whose owner wanted to give up his business due to his age. Now he can significantly increase his capacity in the tire and wheel business and in storage. And so we can expect a lot more from Pro Carline in the future.<\/p><p>All these factors also convinced the expert jury, which has awarded the ten best independent garages in Germany for the eleventh time. In addition to the editors of the trade journal \"kfz-betrieb\", the jury includes representatives of the partners Automechanika Frankfurt, Continental and GT\u00dc. The award ceremony itself took place on October 8, 2021 at the Vogel Convention Center in W\u00fcrzburg. Around 160 guests were able to attend the event thanks to a comprehensive hygiene concept and experience the event live on the podium with impressive videos of the award winners' businesses and happy winners.<\/p><h3><strong>Spoilt for choice<\/strong><\/h3><p>Selecting the top ten was no easy task. This is because all of the award-winning automotive businesses excel with their high quality of service and work. \"The award-winning independent garages are beacons in the German automotive industry. They are a good benchmark for many other players in the service market,\" emphasized \"kfz-betrieb\" editor-in-chief Wolfgang Michel.<\/p><p>After evaluating the applications, the jury members visited the ten best independent garages on site. They assessed the external and internal appearance of the garages, the services offered, marketing, customer approach and support as well as company and employee management.<\/p><p>\"kfz-betrieb\" is the most widely read trade magazine in the automotive industry and has been informing the automotive trade and service sector for over 100 years. \"kfz-betrieb\" is the official organ of the German automotive trade (ZDK), the professional interest group for around 38,000 car dealerships and workshops. News from the entire automotive industry can be found at www.kfz-betrieb.de and in the daily newsletter.<\/p><p>Vogel Communications Group is a leading provider of specialist communication and information with 750 employees and a turnover of around 100 million euros. It is active at 7 locations in German-speaking countries and also internationally with a focus on China. Five complementary communications agencies, three service companies and 14 specialist media divisions from five business sectors are bundled under the umbrella of the Group. The Vogel Communications Group offers 250+ services for corporate communications, 100+ trade journals, 100+ digital platforms and communities as well as 300+ business events per year.<\/p>\t\t\t\t\t\t\t\t<\/div>\n\t\t\t\t<\/div>\n\t\t\t\t<div class=\"elementor-element elementor-element-9f2141d elementor-widget elementor-widget-gallery\" data-id=\"9f2141d\" data-element_type=\"widget\" data-e-type=\"widget\" data-settings=\"{&quot;lazyload&quot;:&quot;yes&quot;,&quot;gallery_layout&quot;:&quot;grid&quot;,&quot;columns&quot;:4,&quot;columns_tablet&quot;:2,&quot;columns_mobile&quot;:1,&quot;gap&quot;:{&quot;unit&quot;:&quot;px&quot;,&quot;size&quot;:10,&quot;sizes&quot;:[]},&quot;gap_tablet&quot;:{&quot;unit&quot;:&quot;px&quot;,&quot;size&quot;:10,&quot;sizes&quot;:[]},&quot;gap_mobile&quot;:{&quot;unit&quot;:&quot;px&quot;,&quot;size&quot;:10,&quot;sizes&quot;:[]},&quot;link_to&quot;:&quot;file&quot;,&quot;aspect_ratio&quot;:&quot;3:2&quot;,&quot;overlay_background&quot;:&quot;yes&quot;,&quot;content_hover_animation&quot;:&quot;fade-in&quot;}\" data-widget_type=\"gallery.default\">\n\t\t\t\t<div class=\"elementor-widget-container\">\n\t\t\t\t\t\t\t<div class=\"elementor-gallery__container\">\n\t\t\t\t\t\t\t<a class=\"e-gallery-item elementor-gallery-item elementor-animated-content\" href=\"https:\/\/procarline.de\/wp-content\/uploads\/procarline-deutscher-werkstattpreis-01.jpg\" data-elementor-open-lightbox=\"yes\" data-elementor-lightbox-slideshow=\"9f2141d\" data-e-action-hash=\"#elementor-action%3Aaction%3Dlightbox%26settings%3DeyJpZCI6OTk4LCJ1cmwiOiJodHRwczpcL1wvcHJvY2FybGluZS5kZVwvd3AtY29udGVudFwvdXBsb2Fkc1wvcHJvY2FybGluZS1kZXV0c2NoZXItd2Vya3N0YXR0cHJlaXMtMDEuanBnIiwic2xpZGVzaG93IjoiOWYyMTQxZCJ9\">\n\t\t\t\t\t<div class=\"e-gallery-image elementor-gallery-item__image\" data-thumbnail=\"https:\/\/procarline.de\/wp-content\/uploads\/procarline-deutscher-werkstattpreis-01-300x200.jpg\" data-width=\"300\" data-height=\"200\" aria-label=\"\" role=\"img\" ><\/div>\n\t\t\t\t\t\t\t\t\t\t\t<div class=\"elementor-gallery-item__overlay\"><\/div>\n\t\t\t\t\t\t\t\t\t\t\t\t\t\t<\/a>\n\t\t\t\t\t\t\t<a class=\"e-gallery-item elementor-gallery-item elementor-animated-content\" href=\"https:\/\/procarline.de\/wp-content\/uploads\/procarline-deutscher-werkstattpreis-02.jpg\" data-elementor-open-lightbox=\"yes\" data-elementor-lightbox-slideshow=\"9f2141d\" data-e-action-hash=\"#elementor-action%3Aaction%3Dlightbox%26settings%3DeyJpZCI6OTk5LCJ1cmwiOiJodHRwczpcL1wvcHJvY2FybGluZS5kZVwvd3AtY29udGVudFwvdXBsb2Fkc1wvcHJvY2FybGluZS1kZXV0c2NoZXItd2Vya3N0YXR0cHJlaXMtMDIuanBnIiwic2xpZGVzaG93IjoiOWYyMTQxZCJ9\">\n\t\t\t\t\t<div class=\"e-gallery-image elementor-gallery-item__image\" data-thumbnail=\"https:\/\/procarline.de\/wp-content\/uploads\/procarline-deutscher-werkstattpreis-02-300x200.jpg\" data-width=\"300\" data-height=\"200\" aria-label=\"\" role=\"img\" ><\/div>\n\t\t\t\t\t\t\t\t\t\t\t<div class=\"elementor-gallery-item__overlay\"><\/div>\n\t\t\t\t\t\t\t\t\t\t\t\t\t\t<\/a>\n\t\t\t\t\t\t\t<a class=\"e-gallery-item elementor-gallery-item elementor-animated-content\" href=\"https:\/\/procarline.de\/wp-content\/uploads\/procarline-deutscher-werkstattpreis-03.jpg\" data-elementor-open-lightbox=\"yes\" data-elementor-lightbox-slideshow=\"9f2141d\" data-e-action-hash=\"#elementor-action%3Aaction%3Dlightbox%26settings%3DeyJpZCI6MTAwMCwidXJsIjoiaHR0cHM6XC9cL3Byb2NhcmxpbmUuZGVcL3dwLWNvbnRlbnRcL3VwbG9hZHNcL3Byb2NhcmxpbmUtZGV1dHNjaGVyLXdlcmtzdGF0dHByZWlzLTAzLmpwZyIsInNsaWRlc2hvdyI6IjlmMjE0MWQifQ%3D%3D\">\n\t\t\t\t\t<div class=\"e-gallery-image elementor-gallery-item__image\" data-thumbnail=\"https:\/\/procarline.de\/wp-content\/uploads\/procarline-deutscher-werkstattpreis-03-300x182.jpg\" data-width=\"300\" data-height=\"182\" aria-label=\"\" role=\"img\" ><\/div>\n\t\t\t\t\t\t\t\t\t\t\t<div class=\"elementor-gallery-item__overlay\"><\/div>\n\t\t\t\t\t\t\t\t\t\t\t\t\t\t<\/a>\n\t\t\t\t\t\t\t<a class=\"e-gallery-item elementor-gallery-item elementor-animated-content\" href=\"https:\/\/procarline.de\/wp-content\/uploads\/procarline-deutscher-werkstattpreis-04.jpg\" data-elementor-open-lightbox=\"yes\" data-elementor-lightbox-slideshow=\"9f2141d\" data-e-action-hash=\"#elementor-action%3Aaction%3Dlightbox%26settings%3DeyJpZCI6MTAwMSwidXJsIjoiaHR0cHM6XC9cL3Byb2NhcmxpbmUuZGVcL3dwLWNvbnRlbnRcL3VwbG9hZHNcL3Byb2NhcmxpbmUtZGV1dHNjaGVyLXdlcmtzdGF0dHByZWlzLTA0LmpwZyIsInNsaWRlc2hvdyI6IjlmMjE0MWQifQ%3D%3D\">\n\t\t\t\t\t<div class=\"e-gallery-image elementor-gallery-item__image\" data-thumbnail=\"https:\/\/procarline.de\/wp-content\/uploads\/procarline-deutscher-werkstattpreis-04-300x200.jpg\" data-width=\"300\" data-height=\"200\" aria-label=\"\" role=\"img\" ><\/div>\n\t\t\t\t\t\t\t\t\t\t\t<div class=\"elementor-gallery-item__overlay\"><\/div>\n\t\t\t\t\t\t\t\t\t\t\t\t\t\t<\/a>\n\t\t\t\t\t\t\t<a class=\"e-gallery-item elementor-gallery-item elementor-animated-content\" href=\"https:\/\/procarline.de\/wp-content\/uploads\/procarline-deutscher-werkstattpreis-05.jpg\" data-elementor-open-lightbox=\"yes\" data-elementor-lightbox-slideshow=\"9f2141d\" data-e-action-hash=\"#elementor-action%3Aaction%3Dlightbox%26settings%3DeyJpZCI6MTAwMiwidXJsIjoiaHR0cHM6XC9cL3Byb2NhcmxpbmUuZGVcL3dwLWNvbnRlbnRcL3VwbG9hZHNcL3Byb2NhcmxpbmUtZGV1dHNjaGVyLXdlcmtzdGF0dHByZWlzLTA1LmpwZyIsInNsaWRlc2hvdyI6IjlmMjE0MWQifQ%3D%3D\">\n\t\t\t\t\t<div class=\"e-gallery-image elementor-gallery-item__image\" data-thumbnail=\"https:\/\/procarline.de\/wp-content\/uploads\/procarline-deutscher-werkstattpreis-05-300x200.jpg\" data-width=\"300\" data-height=\"200\" aria-label=\"\" role=\"img\" ><\/div>\n\t\t\t\t\t\t\t\t\t\t\t<div class=\"elementor-gallery-item__overlay\"><\/div>\n\t\t\t\t\t\t\t\t\t\t\t\t\t\t<\/a>\n\t\t\t\t\t\t\t<a class=\"e-gallery-item elementor-gallery-item elementor-animated-content\" href=\"https:\/\/procarline.de\/wp-content\/uploads\/procarline-deutscher-werkstattpreis-06.jpg\" data-elementor-open-lightbox=\"yes\" data-elementor-lightbox-slideshow=\"9f2141d\" data-e-action-hash=\"#elementor-action%3Aaction%3Dlightbox%26settings%3DeyJpZCI6MTAwMywidXJsIjoiaHR0cHM6XC9cL3Byb2NhcmxpbmUuZGVcL3dwLWNvbnRlbnRcL3VwbG9hZHNcL3Byb2NhcmxpbmUtZGV1dHNjaGVyLXdlcmtzdGF0dHByZWlzLTA2LmpwZyIsInNsaWRlc2hvdyI6IjlmMjE0MWQifQ%3D%3D\">\n\t\t\t\t\t<div class=\"e-gallery-image elementor-gallery-item__image\" data-thumbnail=\"https:\/\/procarline.de\/wp-content\/uploads\/procarline-deutscher-werkstattpreis-06-300x200.jpg\" data-width=\"300\" data-height=\"200\" aria-label=\"\" role=\"img\" ><\/div>\n\t\t\t\t\t\t\t\t\t\t\t<div class=\"elementor-gallery-item__overlay\"><\/div>\n\t\t\t\t\t\t\t\t\t\t\t\t\t\t<\/a>\n\t\t\t\t\t\t\t<a class=\"e-gallery-item elementor-gallery-item elementor-animated-content\" href=\"https:\/\/procarline.de\/wp-content\/uploads\/procarline-deutscher-werkstattpreis-07.jpg\" data-elementor-open-lightbox=\"yes\" data-elementor-lightbox-slideshow=\"9f2141d\" data-e-action-hash=\"#elementor-action%3Aaction%3Dlightbox%26settings%3DeyJpZCI6MTAwNCwidXJsIjoiaHR0cHM6XC9cL3Byb2NhcmxpbmUuZGVcL3dwLWNvbnRlbnRcL3VwbG9hZHNcL3Byb2NhcmxpbmUtZGV1dHNjaGVyLXdlcmtzdGF0dHByZWlzLTA3LmpwZyIsInNsaWRlc2hvdyI6IjlmMjE0MWQifQ%3D%3D\">\n\t\t\t\t\t<div class=\"e-gallery-image elementor-gallery-item__image\" data-thumbnail=\"https:\/\/procarline.de\/wp-content\/uploads\/procarline-deutscher-werkstattpreis-07-300x169.jpg\" data-width=\"300\" data-height=\"169\" aria-label=\"\" role=\"img\" ><\/div>\n\t\t\t\t\t\t\t\t\t\t\t<div class=\"elementor-gallery-item__overlay\"><\/div>\n\t\t\t\t\t\t\t\t\t\t\t\t\t\t<\/a>\n\t\t\t\t\t\t\t<a class=\"e-gallery-item elementor-gallery-item elementor-animated-content\" href=\"https:\/\/procarline.de\/wp-content\/uploads\/procarline-deutscher-werkstattpreis-08.jpg\" data-elementor-open-lightbox=\"yes\" data-elementor-lightbox-slideshow=\"9f2141d\" data-e-action-hash=\"#elementor-action%3Aaction%3Dlightbox%26settings%3DeyJpZCI6MTAzMywidXJsIjoiaHR0cHM6XC9cL3Byb2NhcmxpbmUuZGVcL3dwLWNvbnRlbnRcL3VwbG9hZHNcL3Byb2NhcmxpbmUtZGV1dHNjaGVyLXdlcmtzdGF0dHByZWlzLTA4LmpwZyIsInNsaWRlc2hvdyI6IjlmMjE0MWQifQ%3D%3D\">\n\t\t\t\t\t<div class=\"e-gallery-image elementor-gallery-item__image\" data-thumbnail=\"https:\/\/procarline.de\/wp-content\/uploads\/procarline-deutscher-werkstattpreis-08-300x169.jpg\" data-width=\"300\" data-height=\"169\" aria-label=\"\" role=\"img\" ><\/div>\n\t\t\t\t\t\t\t\t\t\t\t<div class=\"elementor-gallery-item__overlay\"><\/div>\n\t\t\t\t\t\t\t\t\t\t\t\t\t\t<\/a>\n\t\t\t\t\t<\/div>\n\t\t\t\t\t<\/div>\n\t\t\t\t<\/div>\n\t\t\t\t<div class=\"elementor-element elementor-element-681ea60 elementor-widget elementor-widget-heading\" data-id=\"681ea60\" data-element_type=\"widget\" data-e-type=\"widget\" data-widget_type=\"heading.default\">\n\t\t\t\t<div class=\"elementor-widget-container\">\n\t\t\t\t\t<h2 class=\"elementor-heading-title elementor-size-default\">Press releases<\/h2>\t\t\t\t<\/div>\n\t\t\t\t<\/div>\n\t\t\t\t<div class=\"elementor-element elementor-element-1c21998 elementor-icon-list--layout-traditional elementor-list-item-link-full_width elementor-widget elementor-widget-icon-list\" data-id=\"1c21998\" data-element_type=\"widget\" data-e-type=\"widget\" data-widget_type=\"icon-list.default\">\n\t\t\t\t<div class=\"elementor-widget-container\">\n\t\t\t\t\t\t\t<ul class=\"elementor-icon-list-items\">\n\t\t\t\t\t\t\t<li class=\"elementor-icon-list-item\">\n\t\t\t\t\t\t\t\t\t\t\t<a href=\"https:\/\/procarline.de\/wp-content\/uploads\/Pro-Carline.pdf\">\n\n\t\t\t\t\t\t\t\t\t\t\t\t<span class=\"elementor-icon-list-icon\">\n\t\t\t\t\t\t\t<i aria-hidden=\"true\" class=\"far fa-arrow-alt-circle-down\"><\/i>\t\t\t\t\t\t<\/span>\n\t\t\t\t\t\t\t\t\t\t<span class=\"elementor-icon-list-text\">German Workshop Award 2021<\/span>\n\t\t\t\t\t\t\t\t\t\t\t<\/a>\n\t\t\t\t\t\t\t\t\t<\/li>\n\t\t\t\t\t\t\t\t<li class=\"elementor-icon-list-item\">\n\t\t\t\t\t\t\t\t\t\t\t<a href=\"https:\/\/procarline.de\/wp-content\/uploads\/SZ_Procarline_05022020.pdf\">\n\n\t\t\t\t\t\t\t\t\t\t\t\t<span class=\"elementor-icon-list-icon\">\n\t\t\t\t\t\t\t<i aria-hidden=\"true\" class=\"far fa-arrow-alt-circle-down\"><\/i>\t\t\t\t\t\t<\/span>\n\t\t\t\t\t\t\t\t\t\t<span class=\"elementor-icon-list-text\">You run the \"workshop of trust\"<\/span>\n\t\t\t\t\t\t\t\t\t\t\t<\/a>\n\t\t\t\t\t\t\t\t\t<\/li>\n\t\t\t\t\t\t\t\t<li class=\"elementor-icon-list-item\">\n\t\t\t\t\t\t\t\t\t\t\t<a href=\"https:\/\/procarline.de\/wp-content\/uploads\/SZ_Procarline_11112021.pdf\">\n\n\t\t\t\t\t\t\t\t\t\t\t\t<span class=\"elementor-icon-list-icon\">\n\t\t\t\t\t\t\t<i aria-hidden=\"true\" class=\"far fa-arrow-alt-circle-down\"><\/i>\t\t\t\t\t\t<\/span>\n\t\t\t\t\t\t\t\t\t\t<span class=\"elementor-icon-list-text\">Lawalde's flagship workshop takes over tire service<\/span>\n\t\t\t\t\t\t\t\t\t\t\t<\/a>\n\t\t\t\t\t\t\t\t\t<\/li>\n\t\t\t\t\t\t\t\t<li class=\"elementor-icon-list-item\">\n\t\t\t\t\t\t\t\t\t\t\t<a href=\"https:\/\/procarline.de\/wp-content\/uploads\/Kfzbetrieb_Procarline01.pdf\">\n\n\t\t\t\t\t\t\t\t\t\t\t\t<span class=\"elementor-icon-list-icon\">\n\t\t\t\t\t\t\t<i aria-hidden=\"true\" class=\"far fa-arrow-alt-circle-down\"><\/i>\t\t\t\t\t\t<\/span>\n\t\t\t\t\t\t\t\t\t\t<span class=\"elementor-icon-list-text\">Pro Carline puts together an all-round carefree package for its customers<\/span>\n\t\t\t\t\t\t\t\t\t\t\t<\/a>\n\t\t\t\t\t\t\t\t\t<\/li>\n\t\t\t\t\t\t\t\t<li class=\"elementor-icon-list-item\">\n\t\t\t\t\t\t\t\t\t\t\t<a href=\"https:\/\/procarline.de\/wp-content\/uploads\/Kfzbetrieb_Procarline02.pdf\">\n\n\t\t\t\t\t\t\t\t\t\t\t\t<span class=\"elementor-icon-list-icon\">\n\t\t\t\t\t\t\t<i aria-hidden=\"true\" class=\"far fa-arrow-alt-circle-down\"><\/i>\t\t\t\t\t\t<\/span>\n\t\t\t\t\t\t\t\t\t\t<span class=\"elementor-icon-list-text\">Pro Carline sees itself as a brand right from the start<\/span>\n\t\t\t\t\t\t\t\t\t\t\t<\/a>\n\t\t\t\t\t\t\t\t\t<\/li>\n\t\t\t\t\t\t<\/ul>\n\t\t\t\t\t\t<\/div>\n\t\t\t\t<\/div>\n\t\t\t\t\t<\/div>\n\t\t<\/div>\n\t\t\t\t\t<\/div>\n\t\t<\/section>\n\t\t\t\t<\/div>","protected":false},"excerpt":{"rendered":"<p>Deutscher Werkstattpreis 2021 Pro Carline unter den zehn besten freien Werkst\u00e4ttenDer Betrieb in der N\u00e4he von G\u00f6rlitz zeigt, dass Digitalisierung keine Frage der Gr\u00f6\u00dfe ist. Und dass auch ein Betrieb mit nur vier Mitarbeitern ein Komplettdienstleister in Sachen Mobilit\u00e4t sein kann. Das \u00fcberzeugte auch die Jury des Deutschen Werkstattpreises und sicherte der freien Werkstatt einen [&hellip;]<\/p>\n","protected":false},"author":1,"featured_media":1175,"parent":75,"menu_order":0,"comment_status":"closed","ping_status":"closed","template":"","meta":{"footnotes":""},"class_list":["post-971","page","type-page","status-publish","has-post-thumbnail","hentry"],"yoast_head":"<!-- This site is optimized with the Yoast SEO plugin v27.4 - https:\/\/yoast.com\/product\/yoast-seo-wordpress\/ -->\n<title>Deutscher Werkstattpreis - PRO CARLINE<\/title>\n<meta name=\"robots\" content=\"index, follow, max-snippet:-1, max-image-preview:large, max-video-preview:-1\" \/>\n<link rel=\"canonical\" href=\"https:\/\/procarline.de\/en\/about-us\/german-workshop-award\/\" \/>\n<meta property=\"og:locale\" content=\"en_US\" \/>\n<meta property=\"og:type\" content=\"article\" \/>\n<meta property=\"og:title\" content=\"Deutscher Werkstattpreis - PRO CARLINE\" \/>\n<meta property=\"og:description\" content=\"Deutscher Werkstattpreis 2021 Pro Carline unter den zehn besten freien Werkst\u00e4ttenDer Betrieb in der N\u00e4he von G\u00f6rlitz zeigt, dass Digitalisierung keine Frage der Gr\u00f6\u00dfe ist. Und dass auch ein Betrieb mit nur vier Mitarbeitern ein Komplettdienstleister in Sachen Mobilit\u00e4t sein kann. Das \u00fcberzeugte auch die Jury des Deutschen Werkstattpreises und sicherte der freien Werkstatt einen [&hellip;]\" \/>\n<meta property=\"og:url\" content=\"https:\/\/procarline.de\/en\/about-us\/german-workshop-award\/\" \/>\n<meta property=\"og:site_name\" content=\"PRO CARLINE\" \/>\n<meta property=\"article:publisher\" content=\"https:\/\/www.facebook.com\/procarline.de\" \/>\n<meta property=\"article:modified_time\" content=\"2024-11-22T06:04:55+00:00\" \/>\n<meta property=\"og:image\" content=\"https:\/\/procarline.de\/wp-content\/uploads\/procarline-deutscher-werkstattpreis2.jpg\" \/>\n\t<meta property=\"og:image:width\" content=\"1920\" \/>\n\t<meta property=\"og:image:height\" content=\"250\" \/>\n\t<meta property=\"og:image:type\" content=\"image\/jpeg\" \/>\n<meta name=\"twitter:card\" content=\"summary_large_image\" \/>\n<meta name=\"twitter:label1\" content=\"Est. reading time\" \/>\n\t<meta name=\"twitter:data1\" content=\"4 minutes\" \/>\n<script type=\"application\/ld+json\" class=\"yoast-schema-graph\">{\"@context\":\"https:\\\/\\\/schema.org\",\"@graph\":[{\"@type\":\"WebPage\",\"@id\":\"https:\\\/\\\/procarline.de\\\/ueber-uns\\\/deutscher-werkstattpreis\\\/\",\"url\":\"https:\\\/\\\/procarline.de\\\/ueber-uns\\\/deutscher-werkstattpreis\\\/\",\"name\":\"Deutscher Werkstattpreis - PRO CARLINE\",\"isPartOf\":{\"@id\":\"https:\\\/\\\/procarline.de\\\/#website\"},\"primaryImageOfPage\":{\"@id\":\"https:\\\/\\\/procarline.de\\\/ueber-uns\\\/deutscher-werkstattpreis\\\/#primaryimage\"},\"image\":{\"@id\":\"https:\\\/\\\/procarline.de\\\/ueber-uns\\\/deutscher-werkstattpreis\\\/#primaryimage\"},\"thumbnailUrl\":\"https:\\\/\\\/procarline.de\\\/wp-content\\\/uploads\\\/procarline-deutscher-werkstattpreis2.jpg\",\"datePublished\":\"2024-10-22T09:40:51+00:00\",\"dateModified\":\"2024-11-22T06:04:55+00:00\",\"breadcrumb\":{\"@id\":\"https:\\\/\\\/procarline.de\\\/ueber-uns\\\/deutscher-werkstattpreis\\\/#breadcrumb\"},\"inLanguage\":\"en-US\",\"potentialAction\":[{\"@type\":\"ReadAction\",\"target\":[\"https:\\\/\\\/procarline.de\\\/ueber-uns\\\/deutscher-werkstattpreis\\\/\"]}]},{\"@type\":\"ImageObject\",\"inLanguage\":\"en-US\",\"@id\":\"https:\\\/\\\/procarline.de\\\/ueber-uns\\\/deutscher-werkstattpreis\\\/#primaryimage\",\"url\":\"https:\\\/\\\/procarline.de\\\/wp-content\\\/uploads\\\/procarline-deutscher-werkstattpreis2.jpg\",\"contentUrl\":\"https:\\\/\\\/procarline.de\\\/wp-content\\\/uploads\\\/procarline-deutscher-werkstattpreis2.jpg\",\"width\":1920,\"height\":250},{\"@type\":\"BreadcrumbList\",\"@id\":\"https:\\\/\\\/procarline.de\\\/ueber-uns\\\/deutscher-werkstattpreis\\\/#breadcrumb\",\"itemListElement\":[{\"@type\":\"ListItem\",\"position\":1,\"name\":\"Startseite\",\"item\":\"https:\\\/\\\/procarline.de\\\/\"},{\"@type\":\"ListItem\",\"position\":2,\"name\":\"\u00dcber uns\",\"item\":\"https:\\\/\\\/procarline.de\\\/ueber-uns\\\/\"},{\"@type\":\"ListItem\",\"position\":3,\"name\":\"Deutscher Werkstattpreis\"}]},{\"@type\":\"WebSite\",\"@id\":\"https:\\\/\\\/procarline.de\\\/#website\",\"url\":\"https:\\\/\\\/procarline.de\\\/\",\"name\":\"PRO CARLINE\",\"description\":\"Die Autowerkstatt f\u00fcrs Besondere\",\"publisher\":{\"@id\":\"https:\\\/\\\/procarline.de\\\/#organization\"},\"alternateName\":\"PROCARLINE\",\"potentialAction\":[{\"@type\":\"SearchAction\",\"target\":{\"@type\":\"EntryPoint\",\"urlTemplate\":\"https:\\\/\\\/procarline.de\\\/?s={search_term_string}\"},\"query-input\":{\"@type\":\"PropertyValueSpecification\",\"valueRequired\":true,\"valueName\":\"search_term_string\"}}],\"inLanguage\":\"en-US\"},{\"@type\":\"Organization\",\"@id\":\"https:\\\/\\\/procarline.de\\\/#organization\",\"name\":\"PRO CARLINE\",\"alternateName\":\"PROCARLINE\",\"url\":\"https:\\\/\\\/procarline.de\\\/\",\"logo\":{\"@type\":\"ImageObject\",\"inLanguage\":\"en-US\",\"@id\":\"https:\\\/\\\/procarline.de\\\/#\\\/schema\\\/logo\\\/image\\\/\",\"url\":\"https:\\\/\\\/procarline.de\\\/wp-content\\\/uploads\\\/procarline-logo-blau-gelb.png\",\"contentUrl\":\"https:\\\/\\\/procarline.de\\\/wp-content\\\/uploads\\\/procarline-logo-blau-gelb.png\",\"width\":480,\"height\":260,\"caption\":\"PRO CARLINE\"},\"image\":{\"@id\":\"https:\\\/\\\/procarline.de\\\/#\\\/schema\\\/logo\\\/image\\\/\"},\"sameAs\":[\"https:\\\/\\\/www.facebook.com\\\/procarline.de\",\"https:\\\/\\\/www.instagram.com\\\/procarline\\\/\"]}]}<\/script>\n<!-- \/ Yoast SEO plugin. -->","yoast_head_json":{"title":"German Workshop Award - PRO CARLINE","robots":{"index":"index","follow":"follow","max-snippet":"max-snippet:-1","max-image-preview":"max-image-preview:large","max-video-preview":"max-video-preview:-1"},"canonical":"https:\/\/procarline.de\/en\/about-us\/german-workshop-award\/","og_locale":"en_US","og_type":"article","og_title":"Deutscher Werkstattpreis - PRO CARLINE","og_description":"Deutscher Werkstattpreis 2021 Pro Carline unter den zehn besten freien Werkst\u00e4ttenDer Betrieb in der N\u00e4he von G\u00f6rlitz zeigt, dass Digitalisierung keine Frage der Gr\u00f6\u00dfe ist. Und dass auch ein Betrieb mit nur vier Mitarbeitern ein Komplettdienstleister in Sachen Mobilit\u00e4t sein kann. Das \u00fcberzeugte auch die Jury des Deutschen Werkstattpreises und sicherte der freien Werkstatt einen [&hellip;]","og_url":"https:\/\/procarline.de\/en\/about-us\/german-workshop-award\/","og_site_name":"PRO CARLINE","article_publisher":"https:\/\/www.facebook.com\/procarline.de","article_modified_time":"2024-11-22T06:04:55+00:00","og_image":[{"width":1920,"height":250,"url":"https:\/\/procarline.de\/wp-content\/uploads\/procarline-deutscher-werkstattpreis2.jpg","type":"image\/jpeg"}],"twitter_card":"summary_large_image","twitter_misc":{"Est. reading time":"4 minutes"},"schema":{"@context":"https:\/\/schema.org","@graph":[{"@type":"WebPage","@id":"https:\/\/procarline.de\/ueber-uns\/deutscher-werkstattpreis\/","url":"https:\/\/procarline.de\/ueber-uns\/deutscher-werkstattpreis\/","name":"German Workshop Award - PRO CARLINE","isPartOf":{"@id":"https:\/\/procarline.de\/#website"},"primaryImageOfPage":{"@id":"https:\/\/procarline.de\/ueber-uns\/deutscher-werkstattpreis\/#primaryimage"},"image":{"@id":"https:\/\/procarline.de\/ueber-uns\/deutscher-werkstattpreis\/#primaryimage"},"thumbnailUrl":"https:\/\/procarline.de\/wp-content\/uploads\/procarline-deutscher-werkstattpreis2.jpg","datePublished":"2024-10-22T09:40:51+00:00","dateModified":"2024-11-22T06:04:55+00:00","breadcrumb":{"@id":"https:\/\/procarline.de\/ueber-uns\/deutscher-werkstattpreis\/#breadcrumb"},"inLanguage":"en-US","potentialAction":[{"@type":"ReadAction","target":["https:\/\/procarline.de\/ueber-uns\/deutscher-werkstattpreis\/"]}]},{"@type":"ImageObject","inLanguage":"en-US","@id":"https:\/\/procarline.de\/ueber-uns\/deutscher-werkstattpreis\/#primaryimage","url":"https:\/\/procarline.de\/wp-content\/uploads\/procarline-deutscher-werkstattpreis2.jpg","contentUrl":"https:\/\/procarline.de\/wp-content\/uploads\/procarline-deutscher-werkstattpreis2.jpg","width":1920,"height":250},{"@type":"BreadcrumbList","@id":"https:\/\/procarline.de\/ueber-uns\/deutscher-werkstattpreis\/#breadcrumb","itemListElement":[{"@type":"ListItem","position":1,"name":"Startseite","item":"https:\/\/procarline.de\/"},{"@type":"ListItem","position":2,"name":"\u00dcber uns","item":"https:\/\/procarline.de\/ueber-uns\/"},{"@type":"ListItem","position":3,"name":"Deutscher Werkstattpreis"}]},{"@type":"WebSite","@id":"https:\/\/procarline.de\/#website","url":"https:\/\/procarline.de\/","name":"PRO CARLINE","description":"The garage for something special","publisher":{"@id":"https:\/\/procarline.de\/#organization"},"alternateName":"PROCARLINE","potentialAction":[{"@type":"SearchAction","target":{"@type":"EntryPoint","urlTemplate":"https:\/\/procarline.de\/?s={search_term_string}"},"query-input":{"@type":"PropertyValueSpecification","valueRequired":true,"valueName":"search_term_string"}}],"inLanguage":"en-US"},{"@type":"Organization","@id":"https:\/\/procarline.de\/#organization","name":"PRO CARLINE","alternateName":"PROCARLINE","url":"https:\/\/procarline.de\/","logo":{"@type":"ImageObject","inLanguage":"en-US","@id":"https:\/\/procarline.de\/#\/schema\/logo\/image\/","url":"https:\/\/procarline.de\/wp-content\/uploads\/procarline-logo-blau-gelb.png","contentUrl":"https:\/\/procarline.de\/wp-content\/uploads\/procarline-logo-blau-gelb.png","width":480,"height":260,"caption":"PRO CARLINE"},"image":{"@id":"https:\/\/procarline.de\/#\/schema\/logo\/image\/"},"sameAs":["https:\/\/www.facebook.com\/procarline.de","https:\/\/www.instagram.com\/procarline\/"]}]}},"_links":{"self":[{"href":"https:\/\/procarline.de\/en\/wp-json\/wp\/v2\/pages\/971","targetHints":{"allow":["GET"]}}],"collection":[{"href":"https:\/\/procarline.de\/en\/wp-json\/wp\/v2\/pages"}],"about":[{"href":"https:\/\/procarline.de\/en\/wp-json\/wp\/v2\/types\/page"}],"author":[{"embeddable":true,"href":"https:\/\/procarline.de\/en\/wp-json\/wp\/v2\/users\/1"}],"replies":[{"embeddable":true,"href":"https:\/\/procarline.de\/en\/wp-json\/wp\/v2\/comments?post=971"}],"version-history":[{"count":91,"href":"https:\/\/procarline.de\/en\/wp-json\/wp\/v2\/pages\/971\/revisions"}],"predecessor-version":[{"id":1405,"href":"https:\/\/procarline.de\/en\/wp-json\/wp\/v2\/pages\/971\/revisions\/1405"}],"up":[{"embeddable":true,"href":"https:\/\/procarline.de\/en\/wp-json\/wp\/v2\/pages\/75"}],"wp:featuredmedia":[{"embeddable":true,"href":"https:\/\/procarline.de\/en\/wp-json\/wp\/v2\/media\/1175"}],"wp:attachment":[{"href":"https:\/\/procarline.de\/en\/wp-json\/wp\/v2\/media?parent=971"}],"curies":[{"name":"wp","href":"https:\/\/api.w.org\/{rel}","templated":true}]}}